{"id":129063,"date":"2022-01-25T12:57:56","date_gmt":"2022-01-25T11:57:56","guid":{"rendered":"https:\/\/smetanovalitomysl.cz\/udalosti\/k2-twice-katerina\/"},"modified":"2022-06-16T16:46:48","modified_gmt":"2022-06-16T14:46:48","slug":"k2-twice-katerina","status":"archived","type":"udalosti","link":"https:\/\/smetanovalitomysl.cz\/en\/udalosti\/k2-twice-katerina\/","title":{"rendered":"K2 \u2013 Twice Kate\u0159ina"},"content":{"rendered":"\n<p class=\"has-text-align-left ud&#xE1;lost-popis\">A concert consisting of song cycles by Czech composers, composed mainly to love poetry lyrics, and the launch of a compact disc named K2, whose godfather will be Radek Jaro\u0161, the conqueror of the mountain of the same name.&#13;\n<\/p>\n\n<div style=\"height:52px\" aria-hidden=\"true\" class=\"wp-block-spacer\"><\/div>\n\n<div class=\"wp-block-columns is-layout-flex wp-container-core-columns-is-layout-1 wp-block-columns-is-layout-flex\">\n<div class=\"wp-block-column is-layout-flow wp-block-column-is-layout-flow\" style=\"flex-basis:100%\">\n<div class=\"wp-block-media-text alignwide is-stacked-on-mobile\" style=\"grid-template-columns:21% auto\"><figure class=\"wp-block-media-text__media\"><img fetchpriority=\"high\" decoding=\"async\" width=\"794\" height=\"1024\" src=\"https:\/\/smetanovalitomysl.cz\/wp-content\/uploads\/2022\/01\/040_Petr-Eben-794x1024.jpg\" alt=\"\" class=\"wp-image-129068 size-full\" srcset=\"https:\/\/smetanovalitomysl.cz\/wp-content\/uploads\/2022\/01\/040_Petr-Eben-794x1024.jpg 794w, https:\/\/smetanovalitomysl.cz\/wp-content\/uploads\/2022\/01\/040_Petr-Eben-233x300.jpg 233w, https:\/\/smetanovalitomysl.cz\/wp-content\/uploads\/2022\/01\/040_Petr-Eben-768x990.jpg 768w, https:\/\/smetanovalitomysl.cz\/wp-content\/uploads\/2022\/01\/040_Petr-Eben.jpg 838w\" sizes=\"(max-width: 794px) 100vw, 794px\" \/><\/figure><div class=\"wp-block-media-text__content\">\n<p>&#8220;How much I walked as a student under the castle in Krumlov, in its courtyards and around its tower! I often took on the role of a trouv\u00e8re, who should sing a courtly song to his sweetheart on the balcony.&#8221;<\/p>\n\n\n\n<p class=\"has-text-align-right\"><em>Petr Eben about his Songs for Lute<\/em><\/p>\n<\/div><\/div>\n<\/div>\n<\/div>\n\n<div style=\"height:43px\" aria-hidden=\"true\" class=\"wp-block-spacer\"><\/div>\n\n<p>Petr Eben <\/p>\n\n<p><strong>Songs for Lute on medieval love poetry<\/strong><\/p>\n\n<hr class=\"wp-block-separator\"\/>\n\n<p>Leo\u0161 Jan\u00e1\u010dek <\/p>\n\n<p><strong>Moravian Folk Poetry in Songs<\/strong> (selection)<\/p>\n\n<hr class=\"wp-block-separator\"\/>\n\n<p>Hanu\u0161 Jan Trne\u010dek<\/p>\n\n<p><strong>Vltava<\/strong><\/p>\n\n<p>A fantasy for a harp solo inspired by the theme from the symphonic poem by Bed\u0159ich Smetana.\u00a0<\/p>\n\n<hr class=\"wp-block-separator\"\/>\n\n<p>Bohuslav Martin\u016f <\/p>\n\n<p><strong>Songs on One Page<\/strong><\/p>\n\n<hr class=\"wp-block-separator\"\/>\n\n<p>Sylvie Bodorov\u00e1<\/p>\n\n<p><strong>Sadaj, slnko, sadaj <\/strong><\/p>\n\n<p>A cycle of seven compositions on themes of Slovak folk songs for female voice and harp&#13;\n<\/p>\n\n<hr class=\"wp-block-separator\"\/>\n\n<div style=\"height:100px\" aria-hidden=\"true\" class=\"wp-block-spacer\"><\/div>\n\n<div class=\"wp-block-columns is-layout-flex wp-container-core-columns-is-layout-4 wp-block-columns-is-layout-flex\">\n<div class=\"wp-block-column is-layout-flow wp-block-column-is-layout-flow\" style=\"flex-basis:100%\">\n<h4 class=\"wp-block-heading\">photogallery<\/h4>\n\n\n\n<div class=\"wp-block-group is-layout-flow wp-block-group-is-layout-flow\">\n<div class=\"wp-block-columns is-layout-flex wp-container-core-columns-is-layout-3 wp-block-columns-is-layout-flex\">\n<div class=\"wp-block-column is-layout-flow wp-block-column-is-layout-flow\" style=\"flex-basis:100%\">\n<div class=\"wp-block-group is-layout-flow wp-block-group-is-layout-flow\">\n<div class=\"wp-block-group is-layout-flow wp-block-group-is-layout-flow\">\n<div class=\"wp-block-columns is-layout-flex wp-container-core-columns-is-layout-2 wp-block-columns-is-layout-flex\">\n<div class=\"wp-block-column is-layout-flow wp-block-column-is-layout-flow\" style=\"flex-basis:100%\">\n<div class=\"wp-block-group is-layout-flow wp-block-group-is-layout-flow\">\n<figure class=\"wp-block-gallery has-nested-images columns-4 is-cropped wp-block-gallery-1 is-layout-flex wp-block-gallery-is-layout-flex\">\n<figure class=\"wp-block-image size-large\"><a href=\"https:\/\/smetanovalitomysl.cz\/wp-content\/uploads\/2022\/01\/TIT-K2-EnglichovaKnezikova_&#xA9;Hejny-Pavel_nizke-RES.jpeg-scaled.jpg\"><img decoding=\"async\" src=\"https:\/\/smetanovalitomysl.cz\/wp-content\/uploads\/2022\/01\/TIT-K2-EnglichovaKnezikova_&#xA9;Hejny-Pavel_nizke-RES.jpeg-1024x683.jpg\" alt=\"\" class=\"wp-image-126446\"\/><\/a><\/figure>\n\n\n\n<figure class=\"wp-block-image size-large\"><a href=\"https:\/\/smetanovalitomysl.cz\/wp-content\/uploads\/2022\/01\/Englichova-Katerina&#xA9;Petr-Kurecka.jpg\"><img decoding=\"async\" src=\"https:\/\/smetanovalitomysl.cz\/wp-content\/uploads\/2022\/01\/Englichova-Katerina&#xA9;Petr-Kurecka.jpg\" alt=\"\" class=\"wp-image-126445\"\/><\/a><\/figure>\n\n\n\n<figure class=\"wp-block-image size-large\"><a href=\"https:\/\/smetanovalitomysl.cz\/wp-content\/uploads\/2022\/01\/Knezikova_&#xA9;Petr_Weigl-scaled.jpg\"><img decoding=\"async\" src=\"https:\/\/smetanovalitomysl.cz\/wp-content\/uploads\/2022\/01\/Knezikova_&#xA9;Petr_Weigl-1024x1024.jpg\" alt=\"\" class=\"wp-image-126444\"\/><\/a><\/figure>\n\n\n\n<figure class=\"wp-block-image size-large\"><a href=\"https:\/\/smetanovalitomysl.cz\/wp-content\/uploads\/2022\/01\/REN7697-1-scaled.jpg\"><img decoding=\"async\" width=\"1024\" height=\"683\" src=\"https:\/\/smetanovalitomysl.cz\/wp-content\/uploads\/2022\/01\/REN7697-1-1024x683.jpg\" alt=\"\" class=\"wp-image-128859\" srcset=\"https:\/\/smetanovalitomysl.cz\/wp-content\/uploads\/2022\/01\/REN7697-1-1024x683.jpg 1024w, https:\/\/smetanovalitomysl.cz\/wp-content\/uploads\/2022\/01\/REN7697-1-300x200.jpg 300w, https:\/\/smetanovalitomysl.cz\/wp-content\/uploads\/2022\/01\/REN7697-1-768x512.jpg 768w, https:\/\/smetanovalitomysl.cz\/wp-content\/uploads\/2022\/01\/REN7697-1-1536x1025.jpg 1536w, https:\/\/smetanovalitomysl.cz\/wp-content\/uploads\/2022\/01\/REN7697-1-2048x1366.jpg 2048w, https:\/\/smetanovalitomysl.cz\/wp-content\/uploads\/2022\/01\/REN7697-1-scaled.jpg 1619w\" sizes=\"(max-width: 1024px) 100vw, 1024px\" \/><\/a><\/figure>\n<\/figure>\n<\/div>\n<\/div>\n<\/div>\n<\/div>\n<\/div>\n<\/div>\n<\/div>\n<\/div>\n\n\n\n<p><\/p>\n<\/div>\n<\/div>\n","protected":false},"featured_media":126795,"template":"","zarn":[],"ambasadori":[2874],"class_list":["post-129063","udalosti","type-udalosti","status-archived","has-post-thumbnail","hentry","misto_konani-castle-riding-hall","autor_dila-bodorova-sylvie-en","autor_dila-eben-petr-en","autor_dila-janacek-leos-en","autor_dila-martinu-bohuslav-en","zanr-chamber-series","ucinkujici-englichova-katerina-en","ucinkujici-knezikova-katerina-en","balicek-festival-catalogue","balicek-programme","balicek-shuttle-service"],"acf":[],"_links":{"self":[{"href":"https:\/\/smetanovalitomysl.cz\/en\/wp-json\/wp\/v2\/udalosti\/129063","targetHints":{"allow":["GET"]}}],"collection":[{"href":"https:\/\/smetanovalitomysl.cz\/en\/wp-json\/wp\/v2\/udalosti"}],"about":[{"href":"https:\/\/smetanovalitomysl.cz\/en\/wp-json\/wp\/v2\/types\/udalosti"}],"wp:featuredmedia":[{"embeddable":true,"href":"https:\/\/smetanovalitomysl.cz\/en\/wp-json\/wp\/v2\/media\/126795"}],"wp:attachment":[{"href":"https:\/\/smetanovalitomysl.cz\/en\/wp-json\/wp\/v2\/media?parent=129063"}],"wp:term":[{"taxonomy":"zarn","embeddable":true,"href":"https:\/\/smetanovalitomysl.cz\/en\/wp-json\/wp\/v2\/zarn?post=129063"},{"taxonomy":"ambasadori","embeddable":true,"href":"https:\/\/smetanovalitomysl.cz\/en\/wp-json\/wp\/v2\/ambasadori?post=129063"}],"curies":[{"name":"wp","href":"https:\/\/api.w.org\/{rel}","templated":true}]}}