{"id":129476,"date":"2022-01-27T11:56:01","date_gmt":"2022-01-27T10:56:01","guid":{"rendered":"https:\/\/smetanovalitomysl.cz\/udalosti\/concert-for-europe\/"},"modified":"2022-06-30T11:01:01","modified_gmt":"2022-06-30T09:01:01","slug":"concert-for-europe","status":"archived","type":"udalosti","link":"https:\/\/smetanovalitomysl.cz\/en\/udalosti\/concert-for-europe\/","title":{"rendered":"Concert for Europe"},"content":{"rendered":"\n<p class=\"has-text-align-left ud&#xE1;lost-popis\">On the solemn day of the takeover of the Presidency of the Council of the European Union, the organisers of the Smetana&#8217;s Litomy\u0161l National Festival and the Czech Philharmonic jointly endorse the European cultural heritage and the fundamental values of the European project \u2013 solidarity, tolerance, freedom, equality and respect.&#13;\n<\/p>\n\n<div style=\"height:52px\" aria-hidden=\"true\" class=\"wp-block-spacer\"><\/div>\n\n<div class=\"wp-block-columns is-layout-flex wp-container-core-columns-is-layout-1 wp-block-columns-is-layout-flex\">\n<div class=\"wp-block-column is-layout-flow wp-block-column-is-layout-flow\" style=\"flex-basis:100%\">\n<div class=\"wp-block-media-text alignwide is-stacked-on-mobile\" style=\"grid-template-columns:21% auto\"><figure class=\"wp-block-media-text__media\"><img fetchpriority=\"high\" decoding=\"async\" width=\"500\" height=\"727\" src=\"https:\/\/smetanovalitomysl.cz\/wp-content\/uploads\/2022\/01\/056_Smetana-Bedrich.jpg\" alt=\"\" class=\"wp-image-129478 size-full\" srcset=\"https:\/\/smetanovalitomysl.cz\/wp-content\/uploads\/2022\/01\/056_Smetana-Bedrich.jpg 500w, https:\/\/smetanovalitomysl.cz\/wp-content\/uploads\/2022\/01\/056_Smetana-Bedrich-206x300.jpg 206w\" sizes=\"(max-width: 500px) 100vw, 500px\" \/><\/figure><div class=\"wp-block-media-text__content\">\n<p><em>&#8220;This is a general depiction of emotions when looking at the landscape of Bohemia. From all sides there is a singing full of passion, both cheerful and melancholic, from the meadows and forests.&#8221;<\/em><\/p>\n\n\n\n<p class=\"has-text-align-right\"><em>Bed\u0159ich Smetana, 1875<\/em><\/p>\n<\/div><\/div>\n<\/div>\n<\/div>\n\n<div style=\"height:43px\" aria-hidden=\"true\" class=\"wp-block-spacer\"><\/div>\n\n<p>Bed\u0159ich Smetana<\/p>\n\n<p><strong>From Bohemia&#8217;s Meadows and Forests<\/strong><\/p>\n\n<p>symphonic poem from the cycle My Country<\/p>\n\n<hr class=\"wp-block-separator\"\/>\n\n<p>Josef Suk<\/p>\n\n<p><strong>Praga <\/strong><\/p>\n\n<p>symphonic poem, op. 26<\/p>\n\n<hr class=\"wp-block-separator\"\/>\n\n<p>Anton\u00edn Dvo\u0159\u00e1k<\/p>\n\n<p><strong>Concerto for cello and orchestra in B minor Op. 104<\/strong><\/p>\n\n<hr class=\"wp-block-separator\"\/>\n\n<div style=\"height:100px\" aria-hidden=\"true\" class=\"wp-block-spacer\"><\/div>\n\n<div class=\"wp-block-columns is-layout-flex wp-container-core-columns-is-layout-4 wp-block-columns-is-layout-flex\">\n<div class=\"wp-block-column is-layout-flow wp-block-column-is-layout-flow\" style=\"flex-basis:100%\">\n<h4 class=\"wp-block-heading\">photogallery<\/h4>\n\n\n\n<div class=\"wp-block-group is-layout-flow wp-block-group-is-layout-flow\">\n<div class=\"wp-block-columns is-layout-flex wp-container-core-columns-is-layout-3 wp-block-columns-is-layout-flex\">\n<div class=\"wp-block-column is-layout-flow wp-block-column-is-layout-flow\" style=\"flex-basis:100%\">\n<div class=\"wp-block-group is-layout-flow wp-block-group-is-layout-flow\">\n<div class=\"wp-block-group is-layout-flow wp-block-group-is-layout-flow\">\n<div class=\"wp-block-columns is-layout-flex wp-container-core-columns-is-layout-2 wp-block-columns-is-layout-flex\">\n<div class=\"wp-block-column is-layout-flow wp-block-column-is-layout-flow\" style=\"flex-basis:100%\">\n<div class=\"wp-block-group is-layout-flow wp-block-group-is-layout-flow\">\n<figure class=\"wp-block-gallery has-nested-images columns-4 is-cropped wp-block-gallery-1 is-layout-flex wp-block-gallery-is-layout-flex\">\n<figure class=\"wp-block-image size-large\"><a href=\"https:\/\/smetanovalitomysl.cz\/wp-content\/uploads\/2022\/01\/TIT-Ceska-filharmonie&#xA9;Petra-Hajska-2-scaled.jpg\"><img decoding=\"async\" src=\"https:\/\/smetanovalitomysl.cz\/wp-content\/uploads\/2022\/01\/TIT-Ceska-filharmonie&#xA9;Petra-Hajska-2-1024x725.jpg\" alt=\"\" class=\"wp-image-126423\"\/><\/a><\/figure>\n\n\n\n<figure class=\"wp-block-image size-large\"><a href=\"https:\/\/smetanovalitomysl.cz\/wp-content\/uploads\/2022\/01\/Hrusa-Jakub&#xA9;Petra-Hajska-scaled.jpg\"><img decoding=\"async\" src=\"https:\/\/smetanovalitomysl.cz\/wp-content\/uploads\/2022\/01\/Hrusa-Jakub&#xA9;Petra-Hajska-1024x706.jpg\" alt=\"\" class=\"wp-image-126274\"\/><\/a><\/figure>\n\n\n\n<figure class=\"wp-block-image size-large\"><a href=\"https:\/\/smetanovalitomysl.cz\/wp-content\/uploads\/2022\/03\/Zamecky_areal_podvecer_dron-scaled.jpg\"><img decoding=\"async\" width=\"1024\" height=\"616\" src=\"https:\/\/smetanovalitomysl.cz\/wp-content\/uploads\/2022\/03\/Zamecky_areal_podvecer_dron-1024x616.jpg\" alt=\"\" class=\"wp-image-128053\" srcset=\"https:\/\/smetanovalitomysl.cz\/wp-content\/uploads\/2022\/03\/Zamecky_areal_podvecer_dron-1024x616.jpg 1024w, https:\/\/smetanovalitomysl.cz\/wp-content\/uploads\/2022\/03\/Zamecky_areal_podvecer_dron-300x180.jpg 300w, https:\/\/smetanovalitomysl.cz\/wp-content\/uploads\/2022\/03\/Zamecky_areal_podvecer_dron-768x462.jpg 768w, https:\/\/smetanovalitomysl.cz\/wp-content\/uploads\/2022\/03\/Zamecky_areal_podvecer_dron-1536x924.jpg 1536w, https:\/\/smetanovalitomysl.cz\/wp-content\/uploads\/2022\/03\/Zamecky_areal_podvecer_dron-2048x1232.jpg 2048w, https:\/\/smetanovalitomysl.cz\/wp-content\/uploads\/2022\/03\/Zamecky_areal_podvecer_dron-scaled.jpg 1795w\" sizes=\"(max-width: 1024px) 100vw, 1024px\" \/><\/a><\/figure>\n<\/figure>\n<\/div>\n<\/div>\n<\/div>\n<\/div>\n<\/div>\n<\/div>\n<\/div>\n<\/div>\n\n\n\n<p><\/p>\n<\/div>\n<\/div>\n","protected":false},"featured_media":126423,"template":"","zarn":[],"ambasadori":[2874],"class_list":["post-129476","udalosti","type-udalosti","status-archived","has-post-thumbnail","hentry","misto_konani-the-castle-courtyard","autor_dila-brahms-johannes-en","autor_dila-smetana-bedrich-en","autor_dila-suk-josef-en","zanr-orchesters","ucinkujici-ceska-filharmonie-en","ucinkujici-hrusa-jakub-en","ucinkujici-petr-vaclav-en","balicek-festival-catalogue","balicek-intermission-table","balicek-programme","balicek-shuttle-service","balicek-sushi-box-en"],"acf":[],"_links":{"self":[{"href":"https:\/\/smetanovalitomysl.cz\/en\/wp-json\/wp\/v2\/udalosti\/129476","targetHints":{"allow":["GET"]}}],"collection":[{"href":"https:\/\/smetanovalitomysl.cz\/en\/wp-json\/wp\/v2\/udalosti"}],"about":[{"href":"https:\/\/smetanovalitomysl.cz\/en\/wp-json\/wp\/v2\/types\/udalosti"}],"wp:featuredmedia":[{"embeddable":true,"href":"https:\/\/smetanovalitomysl.cz\/en\/wp-json\/wp\/v2\/media\/126423"}],"wp:attachment":[{"href":"https:\/\/smetanovalitomysl.cz\/en\/wp-json\/wp\/v2\/media?parent=129476"}],"wp:term":[{"taxonomy":"zarn","embeddable":true,"href":"https:\/\/smetanovalitomysl.cz\/en\/wp-json\/wp\/v2\/zarn?post=129476"},{"taxonomy":"ambasadori","embeddable":true,"href":"https:\/\/smetanovalitomysl.cz\/en\/wp-json\/wp\/v2\/ambasadori?post=129476"}],"curies":[{"name":"wp","href":"https:\/\/api.w.org\/{rel}","templated":true}]}}