{"id":130527,"date":"2022-04-25T01:10:12","date_gmt":"2022-04-24T23:10:12","guid":{"rendered":"https:\/\/smetanovalitomysl.cz\/?post_type=udalosti&#038;p=130527"},"modified":"2022-06-08T19:37:12","modified_gmt":"2022-06-08T17:37:12","slug":"ceremonial-opening-concert-slovak-philharmonic","status":"archived","type":"udalosti","link":"https:\/\/smetanovalitomysl.cz\/en\/udalosti\/ceremonial-opening-concert-slovak-philharmonic\/","title":{"rendered":"Ceremonial Opening Concert \u2013 Slovak Philharmonic"},"content":{"rendered":"\n<p class=\"has-text-align-left ud&#xE1;lost-popis\">The 64th season of the Smetana&#8217;s Litomy\u0161l National Festival opens with a ceremonial concert, at which we are happy to welcome the Slovak Philharmonic again twenty-five years on. Following the tradition, we have included in the programme the works of our famous native Smetana, but also a beautiful song cycle by Mahler and, perhaps not only symbolically, the New World Symphony, which should become a herald of new better times.<\/p>\n\n<div style=\"height:52px\" aria-hidden=\"true\" class=\"wp-block-spacer\"><\/div>\n\n<div class=\"wp-block-columns is-layout-flex wp-container-core-columns-is-layout-1 wp-block-columns-is-layout-flex\">\n<div class=\"wp-block-column is-layout-flow wp-block-column-is-layout-flow\" style=\"flex-basis:100%\">\n<div class=\"wp-block-media-text alignwide is-stacked-on-mobile\" style=\"grid-template-columns:21% auto\"><figure class=\"wp-block-media-text__media\"><img fetchpriority=\"high\" decoding=\"async\" width=\"547\" height=\"547\" src=\"https:\/\/smetanovalitomysl.cz\/wp-content\/uploads\/2022\/01\/025_Bruno-Walter.jpg\" alt=\"\" class=\"wp-image-127645 size-full\" srcset=\"https:\/\/smetanovalitomysl.cz\/wp-content\/uploads\/2022\/01\/025_Bruno-Walter.jpg 547w, https:\/\/smetanovalitomysl.cz\/wp-content\/uploads\/2022\/01\/025_Bruno-Walter-300x300.jpg 300w, https:\/\/smetanovalitomysl.cz\/wp-content\/uploads\/2022\/01\/025_Bruno-Walter-150x150.jpg 150w\" sizes=\"(max-width: 547px) 100vw, 547px\" \/><\/figure><div class=\"wp-block-media-text__content\">\n<p><em>&#8220;Mahler must have felt his encounter with the collection The Boy&#8217;s Magic Horn as an encounter with his own spiritual home. He found everything that moved his soul, and found it depicted the way he felt it: nature, piety, desire, love, parting, death, ghosts, joyful youth, childhood pranks, and humour&#8230;&#8221;<\/em><\/p>\n\n\n\n<p class=\"has-text-align-right\"><em>Bruno Walter<\/em><\/p>\n<\/div><\/div>\n<\/div>\n<\/div>\n\n<div style=\"height:43px\" aria-hidden=\"true\" class=\"wp-block-spacer\"><\/div>\n\n<p>Bed\u0159ich Smetana<\/p>\n\n<p><strong>Wallenstein\u2019s Camp<\/strong><\/p>\n\n<p>a symphonic poem <\/p>\n\n<hr class=\"wp-block-separator\"\/>\n\n<p>Gustav Mahler<\/p>\n\n<p><strong>Des Knaben Wunderhorn<\/strong><\/p>\n\n<p>a selection from the song cycle with orchestra accompaniment <\/p>\n\n<p><em>1. <\/em><em>Trost im Ungl\u00fcck <\/em><br\/><em>2.<\/em> <em>Rheinlegendchen <\/em><br\/><em>3. <\/em><em>Der Schildwache Nachtlied<\/em> <br\/><em>4.<\/em> <em>Wer hat dies Liedlein erdacht<\/em> <br\/><em>5.<\/em> <em>Lied des Verfolgten im Turm <\/em><br\/><em>6. <\/em><em>Der Tamboursg&#8217;sell <\/em><br\/><em>7.<\/em> <em>Urlicht <\/em><br\/><em>8.<\/em> <em>Verlor&#8217;ne M\u00fch&#8217; <\/em><\/p>\n\n<hr class=\"wp-block-separator\"\/>\n\n<p>Anton\u00edn Dvo\u0159\u00e1k<\/p>\n\n<p><strong>Symphony No. 9 in E minor, Op. 95 &#8220;New World&#8221;<\/strong><\/p>\n\n<hr class=\"wp-block-separator\"\/>\n\n<div style=\"height:100px\" aria-hidden=\"true\" class=\"wp-block-spacer\"><\/div>\n\n<div class=\"wp-block-columns is-layout-flex wp-container-core-columns-is-layout-4 wp-block-columns-is-layout-flex\">\n<div class=\"wp-block-column is-layout-flow wp-block-column-is-layout-flow\" style=\"flex-basis:100%\">\n<h4 class=\"wp-block-heading\">photogallery<\/h4>\n\n\n\n<div class=\"wp-block-group is-layout-flow wp-block-group-is-layout-flow\">\n<div class=\"wp-block-columns is-layout-flex wp-container-core-columns-is-layout-3 wp-block-columns-is-layout-flex\">\n<div class=\"wp-block-column is-layout-flow wp-block-column-is-layout-flow\" style=\"flex-basis:100%\">\n<div class=\"wp-block-group is-layout-flow wp-block-group-is-layout-flow\">\n<div class=\"wp-block-group is-layout-flow wp-block-group-is-layout-flow\">\n<div class=\"wp-block-columns is-layout-flex wp-container-core-columns-is-layout-2 wp-block-columns-is-layout-flex\">\n<div class=\"wp-block-column is-layout-flow wp-block-column-is-layout-flow\" style=\"flex-basis:100%\">\n<div class=\"wp-block-group is-layout-flow wp-block-group-is-layout-flow\">\n<figure class=\"wp-block-gallery has-nested-images columns-4 is-cropped wp-block-gallery-1 is-layout-flex wp-block-gallery-is-layout-flex\">\n<figure class=\"wp-block-image size-large\"><a href=\"https:\/\/smetanovalitomysl.cz\/wp-content\/uploads\/2022\/01\/Kurucova-Jana&#xA9;Simon-Pauly-scaled.jpg\"><img decoding=\"async\" src=\"https:\/\/smetanovalitomysl.cz\/wp-content\/uploads\/2022\/01\/Kurucova-Jana&#xA9;Simon-Pauly-684x1024.jpg\" alt=\"\" class=\"wp-image-126177\"\/><\/a><\/figure>\n\n\n\n<figure class=\"wp-block-image size-large\"><a href=\"https:\/\/smetanovalitomysl.cz\/wp-content\/uploads\/2022\/01\/plachetka-adam-pavel-hejny-683x1024.jpg\"><img decoding=\"async\" width=\"683\" height=\"1024\" src=\"https:\/\/smetanovalitomysl.cz\/wp-content\/uploads\/2022\/01\/plachetka-adam-pavel-hejny-683x1024.jpg\" alt=\"\" class=\"wp-image-127649\" srcset=\"https:\/\/smetanovalitomysl.cz\/wp-content\/uploads\/2022\/01\/plachetka-adam-pavel-hejny-683x1024.jpg 683w, https:\/\/smetanovalitomysl.cz\/wp-content\/uploads\/2022\/01\/plachetka-adam-pavel-hejny-200x300.jpg 200w, https:\/\/smetanovalitomysl.cz\/wp-content\/uploads\/2022\/01\/plachetka-adam-pavel-hejny-768x1152.jpg 768w, https:\/\/smetanovalitomysl.cz\/wp-content\/uploads\/2022\/01\/plachetka-adam-pavel-hejny-1024x1536.jpg 1024w, https:\/\/smetanovalitomysl.cz\/wp-content\/uploads\/2022\/01\/plachetka-adam-pavel-hejny.jpg 720w\" sizes=\"(max-width: 683px) 100vw, 683px\" \/><\/a><\/figure>\n\n\n\n<figure class=\"wp-block-image size-large\"><a href=\"https:\/\/smetanovalitomysl.cz\/wp-content\/uploads\/2022\/01\/Raiskin-Daniel&#xA9;Marco-Borggreve-scaled.jpg\"><img decoding=\"async\" src=\"https:\/\/smetanovalitomysl.cz\/wp-content\/uploads\/2022\/01\/Raiskin-Daniel&#xA9;Marco-Borggreve-1024x683.jpg\" alt=\"\" class=\"wp-image-126179\"\/><\/a><\/figure>\n\n\n\n<figure class=\"wp-block-image size-large\"><a href=\"https:\/\/smetanovalitomysl.cz\/wp-content\/uploads\/2022\/01\/Raiskin-Daniel&#xA9;Marco-Borggreve-1-scaled.jpg\"><img decoding=\"async\" src=\"https:\/\/smetanovalitomysl.cz\/wp-content\/uploads\/2022\/01\/Raiskin-Daniel&#xA9;Marco-Borggreve-1-683x1024.jpg\" alt=\"\" class=\"wp-image-126180\"\/><\/a><\/figure>\n<\/figure>\n<\/div>\n<\/div>\n<\/div>\n<\/div>\n<\/div>\n<\/div>\n<\/div>\n<\/div>\n\n\n\n<p><\/p>\n<\/div>\n<\/div>\n","protected":false},"featured_media":152025,"template":"","zarn":[],"ambasadori":[2874],"class_list":["post-130527","udalosti","type-udalosti","status-archived","has-post-thumbnail","hentry","misto_konani-the-castle-courtyard","autor_dila-dvorak-antonin-en","autor_dila-mahler-gustav-en","autor_dila-smetana-bedrich-en","zanr-live-broadcast","zanr-orchesters","ucinkujici-kurucova-jana-en","ucinkujici-plachetka-adam-en","ucinkujici-raiskin-daniel-en","ucinkujici-slovak-philharmonic","balicek-festival-catalogue","balicek-festival-dinner-en","balicek-intermission-table","balicek-programme","balicek-shuttle-service","balicek-sushi-box-en"],"acf":[],"_links":{"self":[{"href":"https:\/\/smetanovalitomysl.cz\/en\/wp-json\/wp\/v2\/udalosti\/130527","targetHints":{"allow":["GET"]}}],"collection":[{"href":"https:\/\/smetanovalitomysl.cz\/en\/wp-json\/wp\/v2\/udalosti"}],"about":[{"href":"https:\/\/smetanovalitomysl.cz\/en\/wp-json\/wp\/v2\/types\/udalosti"}],"wp:featuredmedia":[{"embeddable":true,"href":"https:\/\/smetanovalitomysl.cz\/en\/wp-json\/wp\/v2\/media\/152025"}],"wp:attachment":[{"href":"https:\/\/smetanovalitomysl.cz\/en\/wp-json\/wp\/v2\/media?parent=130527"}],"wp:term":[{"taxonomy":"zarn","embeddable":true,"href":"https:\/\/smetanovalitomysl.cz\/en\/wp-json\/wp\/v2\/zarn?post=130527"},{"taxonomy":"ambasadori","embeddable":true,"href":"https:\/\/smetanovalitomysl.cz\/en\/wp-json\/wp\/v2\/ambasadori?post=130527"}],"curies":[{"name":"wp","href":"https:\/\/api.w.org\/{rel}","templated":true}]}}