{"id":156319,"date":"2025-11-05T17:18:34","date_gmt":"2025-11-05T16:18:34","guid":{"rendered":"https:\/\/smetanovalitomysl.cz\/udalosti\/bedrich-smetana-the-kiss\/"},"modified":"2026-03-30T15:38:43","modified_gmt":"2026-03-30T13:38:43","slug":"bedrich-smetana-the-kiss","status":"publish","type":"udalosti","link":"https:\/\/smetanovalitomysl.cz\/en\/udalosti\/bedrich-smetana-the-kiss\/","title":{"rendered":"Bed\u0159ich Smetana: The Kiss"},"content":{"rendered":"\n<p>Vendulka and Luk\u00e1\u0161 are united in love. Smetana\u2019s rural opera The Kiss portrays their pride, stubbornness, quarrels and misunderstandings that separate them for a brief time. It depicts both comic and touching scenes from village life, and concludes with a reconciliation and confirmation of the couple&#8217;s love by a kiss.  <\/p>\n\n\n\n<p>As part of the Smetana Litomy\u0161l Opera Incubator project, <em>The Kiss<\/em> is transformed into a compelling experience in which gifted singers on the thresholds of their operatic careers are given an opportunity to perform. Under the direction of Jakub Klecker and Magdalena \u0160vecov\u00e1, these young artists will join forces on stage with the mixed choir KOS Litomy\u0161l, an orchestra composed of students of JAMU, and members of the Czech Virtuosi.<\/p>\n\n\n\n<h4 class=\"wp-block-heading\">programme<\/h4>\n\n\n\n<p><strong>Smetana Litomysl Opera Incubator<\/strong><br><br><strong>Bed\u0159ich Smetana<\/strong> <br>The Kiss<\/p>\n\n\n\n<h4 class=\"wp-block-heading\">Performers<\/h4>\n\n\n\n<p>Father Palouck\u00fd &#8211; <strong>Rostislav Florian<\/strong><br>Vendulka, his daughter &#8211; <strong>Karol\u00edna Levkov\u00e1 <\/strong><br>Luk\u00e1\u0161, a young widower &#8211; <strong>Filip \u0160\u0165ov\u00ed\u010dek<\/strong><br>Tome\u0161, his brother-in-law &#8211; <strong>Dominik Klapka<\/strong><br>Martinka, Vendulka&#8217;s old aunt &#8211;<strong> Krist\u00fdna Kukalov\u00e1<\/strong><br>Bar\u010de, the maid at the Palouckys&#8217; &#8211; <strong>Kate\u0159ina Bure\u0161ov\u00e1<\/strong><br>Matou\u0161, the old shepherd &#8211;<strong> David Mal\u00e1t<\/strong><br>The guard &#8211; <strong>David Cizner<\/strong><br><strong>Mixed choir KOS Litomy\u0161l<\/strong><br><strong>Milan Motl <\/strong>&#8211; choirmaster<br><strong><strong>Members of the Czech Virtuosi Orchestra <\/strong>and<strong> Jan\u00e1\u010dek Academic Orchestra<\/strong><\/strong><br><strong>Jakub Klecker<\/strong> &#8211;<strong> <\/strong>conductor<br><strong>Magdalena \u0160vecov\u00e1 <\/strong>&#8211;<strong> <\/strong>director<br><strong>Martin \u010cern\u00fd<\/strong> \u2013 set design<br><strong>Barbora Maleninsk\u00e1<\/strong> \u2013 costumes<br><strong>Jana Sibera<\/strong> \u2013 vocal coach<br><strong>Barbora M\u00e1lkov\u00e1<\/strong> \u2013 production<br><strong>David Brabec<\/strong> \u2013 light design<br><strong>Zuzana \u0160vecov\u00e1<\/strong> \u2013 assistant director<br><strong>J\u00e1chym Svoboda<\/strong> and <strong>Dominik Pernica<\/strong> \u2013 assistant conductors<br><\/p>\n\n\n\n<div class=\"wp-block-group is-layout-constrained wp-block-group-is-layout-constrained\">\n<div class=\"wp-block-columns is-layout-flex wp-container-core-columns-is-layout-1 wp-block-columns-is-layout-flex\"><\/div>\n<\/div>\n\n\n\n<p><\/p>\n","protected":false},"featured_media":155994,"template":"","zarn":[],"ambasadori":[2874],"class_list":["post-156319","udalosti","type-udalosti","status-publish","has-post-thumbnail","hentry","misto_konani-smetana-house","zanr-operni-rada-en"],"acf":[],"_links":{"self":[{"href":"https:\/\/smetanovalitomysl.cz\/en\/wp-json\/wp\/v2\/udalosti\/156319","targetHints":{"allow":["GET"]}}],"collection":[{"href":"https:\/\/smetanovalitomysl.cz\/en\/wp-json\/wp\/v2\/udalosti"}],"about":[{"href":"https:\/\/smetanovalitomysl.cz\/en\/wp-json\/wp\/v2\/types\/udalosti"}],"wp:featuredmedia":[{"embeddable":true,"href":"https:\/\/smetanovalitomysl.cz\/en\/wp-json\/wp\/v2\/media\/155994"}],"wp:attachment":[{"href":"https:\/\/smetanovalitomysl.cz\/en\/wp-json\/wp\/v2\/media?parent=156319"}],"wp:term":[{"taxonomy":"zarn","embeddable":true,"href":"https:\/\/smetanovalitomysl.cz\/en\/wp-json\/wp\/v2\/zarn?post=156319"},{"taxonomy":"ambasadori","embeddable":true,"href":"https:\/\/smetanovalitomysl.cz\/en\/wp-json\/wp\/v2\/ambasadori?post=156319"}],"curies":[{"name":"wp","href":"https:\/\/api.w.org\/{rel}","templated":true}]}}